{"id":3092,"date":"2026-02-10T11:35:27","date_gmt":"2026-02-10T10:35:27","guid":{"rendered":"https:\/\/miroverd.com\/?page_id=3092"},"modified":"2026-03-11T11:44:59","modified_gmt":"2026-03-11T10:44:59","slug":"cesped-a-medida-en-matadepera","status":"publish","type":"page","link":"https:\/\/miroverd.com\/ca\/cesped-a-medida-en-matadepera\/","title":{"rendered":"C\u00e9sped a medida en Matadepera"},"content":{"rendered":"<div data-elementor-type=\"wp-page\" data-elementor-id=\"3092\" class=\"elementor elementor-3092\" data-elementor-post-type=\"page\">\n\t\t\t\t\t\t<section class=\"elementor-section elementor-top-section elementor-element elementor-element-659ec96a elementor-section-height-min-height elementor-section-boxed elementor-section-height-default elementor-section-items-middle\" data-id=\"659ec96a\" data-element_type=\"section\" data-settings=\"{&quot;background_background&quot;:&quot;classic&quot;}\">\n\t\t\t\t\t\t\t<div class=\"elementor-background-overlay\"><\/div>\n\t\t\t\t\t\t\t<div class=\"elementor-container elementor-column-gap-default\">\n\t\t\t\t\t<div class=\"elementor-column elementor-col-100 elementor-top-column elementor-element elementor-element-61da014c\" data-id=\"61da014c\" data-element_type=\"column\">\n\t\t\t<div class=\"elementor-widget-wrap elementor-element-populated\">\n\t\t\t\t\t\t\t<\/div>\n\t\t<\/div>\n\t\t\t\t\t<\/div>\n\t\t<\/section>\n\t\t\t\t<section class=\"elementor-section elementor-top-section elementor-element elementor-element-5ee46887 elementor-section-boxed elementor-section-height-default elementor-section-height-default\" data-id=\"5ee46887\" data-element_type=\"section\" data-settings=\"{&quot;background_background&quot;:&quot;classic&quot;}\">\n\t\t\t\t\t\t<div class=\"elementor-container elementor-column-gap-default\">\n\t\t\t\t\t<div class=\"elementor-column elementor-col-50 elementor-top-column elementor-element elementor-element-3bf86df0\" data-id=\"3bf86df0\" data-element_type=\"column\">\n\t\t\t<div class=\"elementor-widget-wrap elementor-element-populated\">\n\t\t\t\t\t\t<section class=\"elementor-section elementor-inner-section elementor-element elementor-element-37a646f9 elementor-section-boxed elementor-section-height-default elementor-section-height-default\" data-id=\"37a646f9\" data-element_type=\"section\">\n\t\t\t\t\t\t<div class=\"elementor-container elementor-column-gap-default\">\n\t\t\t\t\t<div class=\"elementor-column elementor-col-100 elementor-inner-column elementor-element elementor-element-74b7834\" data-id=\"74b7834\" data-element_type=\"column\">\n\t\t\t<div class=\"elementor-widget-wrap elementor-element-populated\">\n\t\t\t\t\t\t<div class=\"elementor-element elementor-element-085ef69 elementor-widget__width-initial elementor-widget-divider--view-line elementor-widget elementor-widget-divider\" data-id=\"085ef69\" data-element_type=\"widget\" data-widget_type=\"divider.default\">\n\t\t\t\t<div class=\"elementor-widget-container\">\n\t\t\t\t\t\t\t<div class=\"elementor-divider\">\n\t\t\t<span class=\"elementor-divider-separator\">\n\t\t\t\t\t\t<\/span>\n\t\t<\/div>\n\t\t\t\t\t\t<\/div>\n\t\t\t\t<\/div>\n\t\t\t\t<div class=\"elementor-element elementor-element-1fee47c elementor-widget elementor-widget-heading\" data-id=\"1fee47c\" data-element_type=\"widget\" data-widget_type=\"heading.default\">\n\t\t\t\t<div class=\"elementor-widget-container\">\n\t\t\t\t\t<h2 class=\"elementor-heading-title elementor-size-default\">Descubre la Calidad del C\u00e9sped a Medida en Matadepera<\/h2>\t\t\t\t<\/div>\n\t\t\t\t<\/div>\n\t\t\t\t\t<\/div>\n\t\t<\/div>\n\t\t\t\t\t<\/div>\n\t\t<\/section>\n\t\t\t\t<div class=\"elementor-element elementor-element-57b49f1e elementor-widget elementor-widget-text-editor\" data-id=\"57b49f1e\" data-element_type=\"widget\" data-widget_type=\"text-editor.default\">\n\t\t\t\t<div class=\"elementor-widget-container\">\n\t\t\t\t\t\t\t\t\t<p data-start=\"309\" data-end=\"727\">En nuestra empresa especializada, ofrecemos soluciones personalizadas para crear espacios verdes \u00fanicos. El <strong data-start=\"417\" data-end=\"450\">c\u00e9sped a medida en Matadepera<\/strong> permite transformar cualquier jard\u00edn, terraza o zona exterior en un lugar acogedor y est\u00e9ticamente perfecto. Gracias a nuestra experiencia y materiales de alta calidad, garantizamos un c\u00e9sped duradero, resistente y con una apariencia natural que se adapta a tus necesidades.<\/p><p data-start=\"729\" data-end=\"1239\">Cada proyecto se planifica cuidadosamente, considerando el tipo de terreno, la exposici\u00f3n al sol y el uso previsto. Nuestro equipo de expertos asesora sobre la mejor elecci\u00f3n de c\u00e9sped artificial o natural, asegurando que el resultado cumpla con los m\u00e1s altos est\u00e1ndares de est\u00e9tica y funcionalidad. Con el <strong data-start=\"1036\" data-end=\"1069\">c\u00e9sped a medida en Matadepera<\/strong>, no solo embelleces tu espacio, sino que tambi\u00e9n incrementas su valor y confort, proporcionando un entorno ideal para disfrutar en familia o con clientes y visitantes.<\/p><h3 data-section-id=\"1ksvixk\" data-start=\"1246\" data-end=\"1308\">Servicios Profesionales de C\u00e9sped a Medida en Matadepera<\/h3><p data-start=\"1310\" data-end=\"1717\">Ofrecemos un servicio integral que abarca desde el dise\u00f1o hasta la instalaci\u00f3n completa del c\u00e9sped. Cada proyecto de <strong data-start=\"1427\" data-end=\"1460\">c\u00e9sped a medida en Matadepera<\/strong> se realiza con atenci\u00f3n al detalle, adaptando el producto a las dimensiones exactas del espacio y a las preferencias del cliente. Nuestro compromiso es entregar un resultado final impecable, que combine durabilidad, est\u00e9tica y facilidad de mantenimiento.<\/p><p data-start=\"1719\" data-end=\"2205\">Adem\u00e1s de la instalaci\u00f3n, brindamos asesoramiento sobre cuidado y mantenimiento para asegurar que tu c\u00e9sped conserve su apariencia y funcionalidad a lo largo del tiempo. Nuestra empresa se distingue por la profesionalidad, la rapidez en la ejecuci\u00f3n y la atenci\u00f3n personalizada, ofreciendo soluciones que se ajustan a cualquier presupuesto y estilo. Al elegir nuestro <strong data-start=\"2087\" data-end=\"2120\">c\u00e9sped a medida en Matadepera<\/strong>, garantizas un espacio verde elegante, pr\u00e1ctico y dise\u00f1ado exclusivamente para ti.<\/p><p data-start=\"2207\" data-end=\"2504\">Conf\u00eda en nuestros especialistas para transformar tu jard\u00edn o terraza en un entorno armonioso y funcional. Gracias a nuestra experiencia y compromiso con la calidad, cada proyecto de c\u00e9sped se convierte en un verdadero valor a\u00f1adido para tu propiedad, combinando est\u00e9tica, confort y durabilidad.<\/p>\t\t\t\t\t\t\t\t<\/div>\n\t\t\t\t<\/div>\n\t\t\t\t\t<\/div>\n\t\t<\/div>\n\t\t\t\t<div class=\"elementor-column elementor-col-50 elementor-top-column elementor-element elementor-element-2fc7ebf1\" data-id=\"2fc7ebf1\" data-element_type=\"column\" data-settings=\"{&quot;background_background&quot;:&quot;classic&quot;}\">\n\t\t\t<div class=\"elementor-widget-wrap elementor-element-populated\">\n\t\t\t\t\t\t<section class=\"elementor-section elementor-inner-section elementor-element elementor-element-5128fa09 elementor-section-boxed elementor-section-height-default elementor-section-height-default\" data-id=\"5128fa09\" data-element_type=\"section\" data-settings=\"{&quot;background_background&quot;:&quot;classic&quot;}\">\n\t\t\t\t\t\t<div class=\"elementor-container elementor-column-gap-default\">\n\t\t\t\t\t<div class=\"elementor-column elementor-col-100 elementor-inner-column elementor-element elementor-element-56c15917\" data-id=\"56c15917\" data-element_type=\"column\">\n\t\t\t<div class=\"elementor-widget-wrap elementor-element-populated\">\n\t\t\t\t\t\t<div class=\"elementor-element elementor-element-ba0d00b elementor-widget elementor-widget-heading\" data-id=\"ba0d00b\" data-element_type=\"widget\" data-widget_type=\"heading.default\">\n\t\t\t\t<div class=\"elementor-widget-container\">\n\t\t\t\t\t<h3 class=\"elementor-heading-title elementor-size-default\">Cont\u00e1ctanos sin compromiso<\/h3>\t\t\t\t<\/div>\n\t\t\t\t<\/div>\n\t\t\t\t\t<\/div>\n\t\t<\/div>\n\t\t\t\t\t<\/div>\n\t\t<\/section>\n\t\t\t\t<div class=\"elementor-element elementor-element-78e378f elementor-widget elementor-widget-shortcode\" data-id=\"78e378f\" data-element_type=\"widget\" data-widget_type=\"shortcode.default\">\n\t\t\t\t<div class=\"elementor-widget-container\">\n\t\t\t\t\t\t\t<div class=\"elementor-shortcode\">\n<div class=\"wpcf7 no-js\" id=\"wpcf7-f1534-o1\" lang=\"es-ES\" dir=\"ltr\" data-wpcf7-id=\"1534\">\n<div class=\"screen-reader-response\"><p role=\"status\" aria-live=\"polite\" aria-atomic=\"true\"><\/p> <ul><\/ul><\/div>\n<form action=\"\/ca\/wp-json\/wp\/v2\/pages\/3092#wpcf7-f1534-o1\" method=\"post\" class=\"wpcf7-form init\" aria-label=\"Formulario de contacto\" novalidate=\"novalidate\" data-status=\"init\" data-trp-original-action=\"\/ca\/wp-json\/wp\/v2\/pages\/3092#wpcf7-f1534-o1\">\n<fieldset class=\"hidden-fields-container\"><input type=\"hidden\" name=\"_wpcf7\" value=\"1534\" \/><input type=\"hidden\" name=\"_wpcf7_version\" value=\"6.1.4\" \/><input type=\"hidden\" name=\"_wpcf7_locale\" value=\"es_ES\" \/><input type=\"hidden\" name=\"_wpcf7_unit_tag\" value=\"wpcf7-f1534-o1\" \/><input type=\"hidden\" name=\"_wpcf7_container_post\" value=\"0\" \/><input type=\"hidden\" name=\"_wpcf7_posted_data_hash\" value=\"\" \/><input type=\"hidden\" name=\"_wpcf7_recaptcha_response\" value=\"\" \/>\n<\/fieldset>\n<div id=\"responsive-form\" class=\"clearfix\">\n\t<div class=\"form-row\">\n\t\t<div class=\"column-half\">\n\t\t\t<p>Nom <span class=\"wpcf7-form-control-wrap\" data-name=\"your-name\"><input size=\"40\" maxlength=\"400\" class=\"wpcf7-form-control wpcf7-text wpcf7-validates-as-required\" aria-required=\"true\" aria-invalid=\"false\" placeholder=\"Nom\" value=\"\" type=\"text\" name=\"your-name\" \/><\/span>\n\t\t\t<\/p>\n\t\t<\/div>\n\t\t<div class=\"column-half\">\n\t\t\t<p>Cognoms <span class=\"wpcf7-form-control-wrap\" data-name=\"last-name\"><input size=\"40\" maxlength=\"400\" class=\"wpcf7-form-control wpcf7-text wpcf7-validates-as-required\" aria-required=\"true\" aria-invalid=\"false\" placeholder=\"Cognoms\" value=\"\" type=\"text\" name=\"last-name\" \/><\/span>\n\t\t\t<\/p>\n\t\t<\/div>\n\t<\/div>\n\t<div class=\"form-row\">\n\t\t<div class=\"column-half\">\n\t\t\t<p>Email <span class=\"wpcf7-form-control-wrap\" data-name=\"your-email\"><input size=\"40\" maxlength=\"400\" class=\"wpcf7-form-control wpcf7-email wpcf7-validates-as-required wpcf7-text wpcf7-validates-as-email\" aria-required=\"true\" aria-invalid=\"false\" placeholder=\"Email\" value=\"\" type=\"email\" name=\"your-email\" \/><\/span>\n\t\t\t<\/p>\n\t\t<\/div>\n\t\t<div class=\"column-half\">\n\t\t\t<p>Tel\u00e8fon <span class=\"wpcf7-form-control-wrap\" data-name=\"your-phone\"><input size=\"40\" maxlength=\"400\" class=\"wpcf7-form-control wpcf7-tel wpcf7-validates-as-required wpcf7-text wpcf7-validates-as-tel\" aria-required=\"true\" aria-invalid=\"false\" placeholder=\"Tel\u00e8fon\" value=\"\" type=\"tel\" name=\"your-phone\" \/><\/span>\n\t\t\t<\/p>\n\t\t<\/div>\n\t<\/div>\n\t<div class=\"form-row\">\n\t\t<div class=\"column-full\">\n\t\t\t<p>Poblaci\u00f3n<span class=\"wpcf7-form-control-wrap\" data-name=\"your-city\"><input size=\"40\" maxlength=\"400\" class=\"wpcf7-form-control wpcf7-text wpcf7-validates-as-required\" aria-required=\"true\" aria-invalid=\"false\" placeholder=\"Indique aqu\u00ed su poblaci\u00f3n\" value=\"\" type=\"text\" name=\"your-city\" \/><\/span>\n\t\t\t<\/p>\n\t\t<\/div>\n\t<\/div>\n\t<div class=\"form-row\">\n\t\t<div class=\"column-full\">\n\t\t\t<p>Categoria<br \/>\n<span class=\"wpcf7-form-control-wrap\" data-name=\"radio-506\"><span class=\"wpcf7-form-control wpcf7-radio\"><span class=\"wpcf7-list-item first\"><label><input type=\"radio\" name=\"radio-506\" value=\"C\u00e9sped natural\" \/><span class=\"wpcf7-list-item-label\">Gespa natural<\/span><\/label><\/span><span class=\"wpcf7-list-item\"><label><input type=\"radio\" name=\"radio-506\" value=\"Piscinas\" \/><span class=\"wpcf7-list-item-label\">Piscines<\/span><\/label><\/span><span class=\"wpcf7-list-item\"><label><input type=\"radio\" name=\"radio-506\" value=\"P\u00e9rgolas\" \/><span class=\"wpcf7-list-item-label\">P\u00e8rgoles<\/span><\/label><\/span><span class=\"wpcf7-list-item\"><label><input type=\"radio\" name=\"radio-506\" value=\"Placas Solares\" \/><span class=\"wpcf7-list-item-label\">Plaques Solars<\/span><\/label><\/span><span class=\"wpcf7-list-item last\"><label><input type=\"radio\" name=\"radio-506\" value=\"Otro\" checked=\"checked\" \/><span class=\"wpcf7-list-item-label\">Un altre<\/span><\/label><\/span><\/span><\/span>\n\t\t\t<\/p>\n\t\t<\/div>\n\t<\/div>\n\t<div class=\"form-row\">\n\t\t<div class=\"column-full\">\n\t\t\t<p>Producte interessat <span class=\"wpcf7-form-control-wrap\" data-name=\"your-interest\"><textarea cols=\"40\" rows=\"1\" maxlength=\"2000\" class=\"wpcf7-form-control wpcf7-textarea\" aria-invalid=\"false\" placeholder=\"Indiqueu el producte\/s en els quals voleu un pressupost orientatiu\" name=\"your-interest\"><\/textarea><\/span>\n\t\t\t<\/p>\n\t\t<\/div>\n\t<\/div>\n\t<div class=\"form-row\">\n\t\t<div class=\"column-full\">\n\t\t\t<p>Quantitat de m\u00b2 o mides del producte desitjat <span class=\"wpcf7-form-control-wrap\" data-name=\"your-quantity\"><textarea cols=\"40\" rows=\"1\" maxlength=\"2000\" class=\"wpcf7-form-control wpcf7-textarea\" aria-invalid=\"false\" placeholder=\"Quantitat\" name=\"your-quantity\"><\/textarea><\/span>\n\t\t\t<\/p>\n\t\t<\/div>\n\t<\/div>\n\t<div class=\"form-row\">\n\t\t<div class=\"column-full\">\n\t\t\t<p>Terreny actual<br \/>\n<span class=\"wpcf7-form-control-wrap\" data-name=\"radio-508\"><span class=\"wpcf7-form-control wpcf7-radio\"><span class=\"wpcf7-list-item first\"><label><input type=\"radio\" name=\"radio-508\" value=\"C\u00e9sped natural\" \/><span class=\"wpcf7-list-item-label\">Gespa natural<\/span><\/label><\/span><span class=\"wpcf7-list-item\"><label><input type=\"radio\" name=\"radio-508\" value=\"Pavimento\" \/><span class=\"wpcf7-list-item-label\">Paviment<\/span><\/label><\/span><span class=\"wpcf7-list-item\"><label><input type=\"radio\" name=\"radio-508\" value=\"Tierra\" \/><span class=\"wpcf7-list-item-label\">Terra<\/span><\/label><\/span><span class=\"wpcf7-list-item last\"><label><input type=\"radio\" name=\"radio-508\" value=\"Otro\" checked=\"checked\" \/><span class=\"wpcf7-list-item-label\">Un altre<\/span><\/label><\/span><\/span><\/span>\n\t\t\t<\/p>\n\t\t<\/div>\n\t<\/div>\n\t<div class=\"form-row\">\n\t\t<div class=\"column-full\">\n\t\t\t<p>Observacions <span class=\"wpcf7-form-control-wrap\" data-name=\"your-message\"><textarea cols=\"40\" rows=\"2\" maxlength=\"2000\" class=\"wpcf7-form-control wpcf7-textarea\" aria-invalid=\"false\" placeholder=\"Indiqueu aqu\u00ed si teniu alguna observaci\u00f3:\" name=\"your-message\"><\/textarea><\/span>\n\t\t\t<\/p>\n\t\t<\/div>\n\t<\/div>\n\t<p><span class=\"wpcf7-form-control-wrap\" data-name=\"acceptance-947\"><span class=\"wpcf7-form-control wpcf7-acceptance\"><span class=\"wpcf7-list-item\"><label><input type=\"checkbox\" name=\"acceptance-947\" value=\"1\" aria-invalid=\"false\" \/><span class=\"wpcf7-list-item-label\">Acepto la pol\u00edtica de privacidad y el env\u00edo de informaci\u00f3n<\/span><\/label><\/span><\/span><\/span>\n\t<\/p>\n\t<div class=\"form-row\">\n\t\t<div class=\"column-full\">\n\t\t\t<p><input class=\"wpcf7-form-control wpcf7-submit has-spinner\" type=\"submit\" value=\"Enviar\" \/>\n\t\t\t<\/p>\n\t\t<\/div>\n\t<\/div>\n<\/div><!--end responsive-form--><div class=\"wpcf7-response-output\" aria-hidden=\"true\"><\/div>\n<input type=\"hidden\" name=\"trp-form-language\" value=\"ca\"\/><\/form>\n<\/div>\n<\/div>\n\t\t\t\t\t\t<\/div>\n\t\t\t\t<\/div>\n\t\t\t\t\t<\/div>\n\t\t<\/div>\n\t\t\t\t\t<\/div>\n\t\t<\/section>\n\t\t\t\t<\/div>","protected":false},"excerpt":{"rendered":"<p>Descubre la Calidad del C\u00e9sped a Medida en Matadepera En nuestra empresa especializada, ofrecemos soluciones personalizadas para crear espacios verdes \u00fanicos. El c\u00e9sped a medida en Matadepera permite transformar cualquier jard\u00edn, terraza o zona exterior en un lugar acogedor y est\u00e9ticamente perfecto. Gracias a nuestra experiencia y materiales de alta calidad, garantizamos un c\u00e9sped duradero, [&hellip;]<\/p>","protected":false},"author":2,"featured_media":0,"parent":0,"menu_order":11,"comment_status":"closed","ping_status":"closed","template":"","meta":{"footnotes":""},"class_list":["post-3092","page","type-page","status-publish","hentry"],"yoast_head":"<!-- This site is optimized with the Yoast SEO plugin v26.7 - https:\/\/yoast.com\/wordpress\/plugins\/seo\/ -->\n<title>C\u00e9sped a medida en Matadepera - MiroVerd<\/title>\n<meta name=\"description\" content=\"Transforma tu jard\u00edn con c\u00e9sped a medida en Matadepera. Instalaci\u00f3n profesional, dise\u00f1o personalizado y mantenimiento f\u00e1cil.\" \/>\n<meta name=\"robots\" content=\"index, follow, max-snippet:-1, max-image-preview:large, max-video-preview:-1\" \/>\n<link rel=\"canonical\" href=\"https:\/\/miroverd.com\/ca\/cesped-a-medida-en-matadepera\/\" \/>\n<meta property=\"og:locale\" content=\"ca_ES\" \/>\n<meta property=\"og:type\" content=\"article\" \/>\n<meta property=\"og:title\" content=\"C\u00e9sped a medida en Matadepera - MiroVerd\" \/>\n<meta property=\"og:description\" content=\"Transforma tu jard\u00edn con c\u00e9sped a medida en Matadepera. Instalaci\u00f3n profesional, dise\u00f1o personalizado y mantenimiento f\u00e1cil.\" \/>\n<meta property=\"og:url\" content=\"https:\/\/miroverd.com\/ca\/cesped-a-medida-en-matadepera\/\" \/>\n<meta property=\"og:site_name\" content=\"MiroVerd\" \/>\n<meta property=\"article:modified_time\" content=\"2026-03-11T10:44:59+00:00\" \/>\n<meta name=\"twitter:card\" content=\"summary_large_image\" \/>\n<meta name=\"twitter:label1\" content=\"Temps estimat de lectura\" \/>\n\t<meta name=\"twitter:data1\" content=\"2 minuts\" \/>\n<script type=\"application\/ld+json\" class=\"yoast-schema-graph\">{\"@context\":\"https:\/\/schema.org\",\"@graph\":[{\"@type\":\"WebPage\",\"@id\":\"https:\/\/miroverd.com\/cesped-a-medida-en-matadepera\/\",\"url\":\"https:\/\/miroverd.com\/cesped-a-medida-en-matadepera\/\",\"name\":\"C\u00e9sped a medida en Matadepera - MiroVerd\",\"isPartOf\":{\"@id\":\"https:\/\/miroverd.com\/#website\"},\"datePublished\":\"2026-02-10T10:35:27+00:00\",\"dateModified\":\"2026-03-11T10:44:59+00:00\",\"description\":\"Transforma tu jard\u00edn con c\u00e9sped a medida en Matadepera. Instalaci\u00f3n profesional, dise\u00f1o personalizado y mantenimiento f\u00e1cil.\",\"breadcrumb\":{\"@id\":\"https:\/\/miroverd.com\/cesped-a-medida-en-matadepera\/#breadcrumb\"},\"inLanguage\":\"ca\",\"potentialAction\":[{\"@type\":\"ReadAction\",\"target\":[\"https:\/\/miroverd.com\/cesped-a-medida-en-matadepera\/\"]}]},{\"@type\":\"BreadcrumbList\",\"@id\":\"https:\/\/miroverd.com\/cesped-a-medida-en-matadepera\/#breadcrumb\",\"itemListElement\":[{\"@type\":\"ListItem\",\"position\":1,\"name\":\"Portada\",\"item\":\"https:\/\/miroverd.com\/\"},{\"@type\":\"ListItem\",\"position\":2,\"name\":\"C\u00e9sped a medida en Matadepera\"}]},{\"@type\":\"WebSite\",\"@id\":\"https:\/\/miroverd.com\/#website\",\"url\":\"https:\/\/miroverd.com\/\",\"name\":\"MiroVerd\",\"description\":\"\",\"publisher\":{\"@id\":\"https:\/\/miroverd.com\/#organization\"},\"potentialAction\":[{\"@type\":\"SearchAction\",\"target\":{\"@type\":\"EntryPoint\",\"urlTemplate\":\"https:\/\/miroverd.com\/?s={search_term_string}\"},\"query-input\":{\"@type\":\"PropertyValueSpecification\",\"valueRequired\":true,\"valueName\":\"search_term_string\"}}],\"inLanguage\":\"ca\"},{\"@type\":\"Organization\",\"@id\":\"https:\/\/miroverd.com\/#organization\",\"name\":\"MiroVerd\",\"url\":\"https:\/\/miroverd.com\/\",\"logo\":{\"@type\":\"ImageObject\",\"inLanguage\":\"ca\",\"@id\":\"https:\/\/miroverd.com\/#\/schema\/logo\/image\/\",\"url\":\"https:\/\/miroverd.com\/wp-content\/uploads\/IMAGOTIPO_PNG-2.png\",\"contentUrl\":\"https:\/\/miroverd.com\/wp-content\/uploads\/IMAGOTIPO_PNG-2.png\",\"width\":352,\"height\":225,\"caption\":\"MiroVerd\"},\"image\":{\"@id\":\"https:\/\/miroverd.com\/#\/schema\/logo\/image\/\"}}]}<\/script>\n<!-- \/ Yoast SEO plugin. -->","yoast_head_json":{"title":"C\u00e9sped a medida en Matadepera - MiroVerd","description":"Transforma tu jard\u00edn con c\u00e9sped a medida en Matadepera. Instalaci\u00f3n profesional, dise\u00f1o personalizado y mantenimiento f\u00e1cil.","robots":{"index":"index","follow":"follow","max-snippet":"max-snippet:-1","max-image-preview":"max-image-preview:large","max-video-preview":"max-video-preview:-1"},"canonical":"https:\/\/miroverd.com\/ca\/cesped-a-medida-en-matadepera\/","og_locale":"ca_ES","og_type":"article","og_title":"C\u00e9sped a medida en Matadepera - MiroVerd","og_description":"Transforma tu jard\u00edn con c\u00e9sped a medida en Matadepera. Instalaci\u00f3n profesional, dise\u00f1o personalizado y mantenimiento f\u00e1cil.","og_url":"https:\/\/miroverd.com\/ca\/cesped-a-medida-en-matadepera\/","og_site_name":"MiroVerd","article_modified_time":"2026-03-11T10:44:59+00:00","twitter_card":"summary_large_image","twitter_misc":{"Temps estimat de lectura":"2 minuts"},"schema":{"@context":"https:\/\/schema.org","@graph":[{"@type":"WebPage","@id":"https:\/\/miroverd.com\/cesped-a-medida-en-matadepera\/","url":"https:\/\/miroverd.com\/cesped-a-medida-en-matadepera\/","name":"C\u00e9sped a medida en Matadepera - MiroVerd","isPartOf":{"@id":"https:\/\/miroverd.com\/#website"},"datePublished":"2026-02-10T10:35:27+00:00","dateModified":"2026-03-11T10:44:59+00:00","description":"Transforma tu jard\u00edn con c\u00e9sped a medida en Matadepera. Instalaci\u00f3n profesional, dise\u00f1o personalizado y mantenimiento f\u00e1cil.","breadcrumb":{"@id":"https:\/\/miroverd.com\/cesped-a-medida-en-matadepera\/#breadcrumb"},"inLanguage":"ca","potentialAction":[{"@type":"ReadAction","target":["https:\/\/miroverd.com\/cesped-a-medida-en-matadepera\/"]}]},{"@type":"BreadcrumbList","@id":"https:\/\/miroverd.com\/cesped-a-medida-en-matadepera\/#breadcrumb","itemListElement":[{"@type":"ListItem","position":1,"name":"Portada","item":"https:\/\/miroverd.com\/"},{"@type":"ListItem","position":2,"name":"C\u00e9sped a medida en Matadepera"}]},{"@type":"WebSite","@id":"https:\/\/miroverd.com\/#website","url":"https:\/\/miroverd.com\/","name":"MiroVerd","description":"","publisher":{"@id":"https:\/\/miroverd.com\/#organization"},"potentialAction":[{"@type":"SearchAction","target":{"@type":"EntryPoint","urlTemplate":"https:\/\/miroverd.com\/?s={search_term_string}"},"query-input":{"@type":"PropertyValueSpecification","valueRequired":true,"valueName":"search_term_string"}}],"inLanguage":"ca"},{"@type":"Organization","@id":"https:\/\/miroverd.com\/#organization","name":"MiroVerd","url":"https:\/\/miroverd.com\/","logo":{"@type":"ImageObject","inLanguage":"ca","@id":"https:\/\/miroverd.com\/#\/schema\/logo\/image\/","url":"https:\/\/miroverd.com\/wp-content\/uploads\/IMAGOTIPO_PNG-2.png","contentUrl":"https:\/\/miroverd.com\/wp-content\/uploads\/IMAGOTIPO_PNG-2.png","width":352,"height":225,"caption":"MiroVerd"},"image":{"@id":"https:\/\/miroverd.com\/#\/schema\/logo\/image\/"}}]}},"_links":{"self":[{"href":"https:\/\/miroverd.com\/ca\/wp-json\/wp\/v2\/pages\/3092","targetHints":{"allow":["GET"]}}],"collection":[{"href":"https:\/\/miroverd.com\/ca\/wp-json\/wp\/v2\/pages"}],"about":[{"href":"https:\/\/miroverd.com\/ca\/wp-json\/wp\/v2\/types\/page"}],"author":[{"embeddable":true,"href":"https:\/\/miroverd.com\/ca\/wp-json\/wp\/v2\/users\/2"}],"replies":[{"embeddable":true,"href":"https:\/\/miroverd.com\/ca\/wp-json\/wp\/v2\/comments?post=3092"}],"version-history":[{"count":4,"href":"https:\/\/miroverd.com\/ca\/wp-json\/wp\/v2\/pages\/3092\/revisions"}],"predecessor-version":[{"id":3096,"href":"https:\/\/miroverd.com\/ca\/wp-json\/wp\/v2\/pages\/3092\/revisions\/3096"}],"wp:attachment":[{"href":"https:\/\/miroverd.com\/ca\/wp-json\/wp\/v2\/media?parent=3092"}],"curies":[{"name":"wp","href":"https:\/\/api.w.org\/{rel}","templated":true}]}}